{"id":554,"date":"2025-09-09T17:10:13","date_gmt":"2025-09-09T15:10:13","guid":{"rendered":"https:\/\/www.environnement48.fr\/?page_id=554"},"modified":"2026-02-19T15:57:47","modified_gmt":"2026-02-19T14:57:47","slug":"nos-engagements","status":"publish","type":"page","link":"https:\/\/www.environnement48.fr\/en\/lentreprise\/nos-engagements\/","title":{"rendered":"Our commitments"},"content":{"rendered":"<div class=\"gb-element-da124a5c\">\n<div class=\"gb-element-e4f4b1e7\">\n<div class=\"gb-element-c7ff327e\">\n<div class=\"gb-element-7c2a3b2a\" style=\"--inline-bg-image: url(\/wp-content\/uploads\/2025\/09\/lac-de-charpal-ingenierie-environnement-massif-central.jpg)\"><\/div>\n\n\n\n<div class=\"gb-element-fc8907b7\" style=\"--inline-bg-image: url(\/wp-content\/uploads\/2025\/09\/lac-de-charpal-ingenierie-environnement-massif-central.jpg)\"><\/div>\n\n\n\n<img decoding=\"async\" class=\"gb-media-25acd8a8\" alt=\"\" src=\"https:\/\/environnement48.d74.test\/wp-content\/uploads\/2025\/09\/losange-texture-vert-clair-1.png\" title=\"diamond-texture-green-clear (1)\"\/>\n\n\n\n<div class=\"gb-element-4b98d7c3\">\n<h1 class=\"wp-block-heading has-open-sans-font-family\" style=\"font-size:clamp(25.014px, 1.563rem + ((1vw - 3.2px) * 1.769), 42px);font-style:normal;font-weight:700\">Our commitments<\/h1>\n\n\n\n<p class=\"has-text-color has-link-color has-open-sans-font-family wp-elements-656ac881d67a9c040d6a1aa7787b9698\" style=\"color:#666666;font-size:clamp(14px, 0.875rem + ((1vw - 3.2px) * 0.208), 16px);font-style:normal;font-weight:600\">Dans un monde en constante \u00e9volution, l\u2019am\u00e9lioration continue n\u2019est pas seulement un objectif, mais une n\u00e9cessit\u00e9. Chez Environnement Massif Central, nous avons pris cet engagement \u00e0 c\u0153ur. Aujourd\u2019hui, nous sommes fiers de partager notre parcours vers l\u2019obtention des certifications ISO 9001 \/ ISO 14001, Recyclass Recycling Process et GPI (Granul\u00e9s Plastiques Industriels).<\/p>\n<\/div>\n<\/div>\n<\/div>\n<\/div>\n\n\n\n<div style=\"height:100px\" aria-hidden=\"true\" class=\"wp-block-spacer\"><\/div>\n\n\n\n<div class=\"gb-element-b371f5ae\">\n<img fetchpriority=\"high\" decoding=\"async\" width=\"2560\" height=\"2111\" class=\"gb-media-bc305db6\" alt=\"\" src=\"https:\/\/www.environnement48.fr\/wp-content\/uploads\/2025\/09\/illustration-plante-decoratif-scaled.png\" title=\"illustration-plant-decoration\" srcset=\"https:\/\/www.environnement48.fr\/wp-content\/uploads\/2025\/09\/illustration-plante-decoratif-scaled.png 2560w, https:\/\/www.environnement48.fr\/wp-content\/uploads\/2025\/09\/illustration-plante-decoratif-300x247.png 300w, https:\/\/www.environnement48.fr\/wp-content\/uploads\/2025\/09\/illustration-plante-decoratif-1024x844.png 1024w, https:\/\/www.environnement48.fr\/wp-content\/uploads\/2025\/09\/illustration-plante-decoratif-768x633.png 768w, https:\/\/www.environnement48.fr\/wp-content\/uploads\/2025\/09\/illustration-plante-decoratif-1536x1267.png 1536w, https:\/\/www.environnement48.fr\/wp-content\/uploads\/2025\/09\/illustration-plante-decoratif-2048x1689.png 2048w\" sizes=\"(max-width: 2560px) 100vw, 2560px\" \/>\n<\/div>\n\n\n\n<div style=\"height:100px\" aria-hidden=\"true\" class=\"wp-block-spacer\"><\/div>\n\n\n\n<div class=\"gb-element-858843e7\">\n<div class=\"gb-element-c5f5e203\">\n<div>\n<h2 class=\"wp-block-heading has-text-color has-link-color has-open-sans-font-family wp-elements-de801c136aa8ff34ff817a725053c111\" style=\"color:#000000;font-size:clamp(1.502em, 1.502rem + ((1vw - 0.2em) * 1.663), 2.5em);font-style:normal;font-weight:700\">ISO 9001: Beyond Customer Satisfaction, A Culture of Improvement<\/h2>\n\n\n\n<p>ISO 9001 certification goes beyond simple customer satisfaction. It establishes a culture of continuous improvement within our company.<\/p>\n\n\n\n<p>By structuring our internal processes, we can guarantee not only consistent quality in our offerings, but also greater capacity to anticipate and respond to our customers' changing needs and regulatory requirements.<\/p>\n\n\n\n<p>This standard helps us to identify opportunities for improvement, reduce inefficiencies and maximise customer satisfaction.<\/p>\n<\/div>\n\n\n\n<div>\n<h2 class=\"wp-block-heading has-text-color has-link-color has-open-sans-font-family wp-elements-0dd6a3199eb68519c486560265b6667b\" style=\"color:#000000;font-size:clamp(1.502em, 1.502rem + ((1vw - 0.2em) * 1.663), 2.5em);font-style:normal;font-weight:700\">ISO 14001: players in the Circular Economy<\/h2>\n\n\n\n<p>ISO 14001 goes beyond simple environmental compliance.<\/p>\n\n\n\n<p>This certification is not just a question of compliance, but a proactive approach to reducing our ecological footprint.<\/p>\n\n\n\n<p>It reflects our commitment to the circular economy, seeking to minimise our environmental impact while optimising the use of resources.<\/p>\n\n\n\n<p>It is a mark of our responsibility and our desire to contribute to a more sustainable future.<\/p>\n<\/div>\n<\/div>\n\n\n\n<div style=\"height:50px\" aria-hidden=\"true\" class=\"wp-block-spacer\"><\/div>\n\n\n\n<div class=\"gb-element-a2a8babe\">\n<div>\n<h2 class=\"wp-block-heading has-text-color has-link-color has-open-sans-font-family wp-elements-de801c136aa8ff34ff817a725053c111\" style=\"color:#000000;font-size:clamp(1.502em, 1.502rem + ((1vw - 0.2em) * 1.663), 2.5em);font-style:normal;font-weight:700\">ISO 9001: Beyond Customer Satisfaction, A Culture of Improvement<\/h2>\n\n\n\n<p>ISO 9001 certification goes beyond simple customer satisfaction. It establishes a culture of continuous improvement within our company.<\/p>\n\n\n\n<p>By structuring our internal processes, we can guarantee not only consistent quality in our offerings, but also greater capacity to anticipate and respond to our customers' changing needs and regulatory requirements.<\/p>\n\n\n\n<p>This standard helps us to identify opportunities for improvement, reduce inefficiencies and maximise customer satisfaction.<\/p>\n<\/div>\n\n\n\n<div class=\"gb-element-658ef379\"><\/div>\n<\/div>\n<\/div>\n\n\n\n<div style=\"height:100px\" aria-hidden=\"true\" class=\"wp-block-spacer\"><\/div>\n\n\n\n<div class=\"gb-element-9349ed2e\">\n<img decoding=\"async\" width=\"2560\" height=\"2508\" class=\"gb-media-78af5b97\" alt=\"\" src=\"https:\/\/www.environnement48.fr\/wp-content\/uploads\/2025\/09\/losange-hachures-jaune-1-scaled.png\" title=\"diamond-hatched-yellow\" srcset=\"https:\/\/www.environnement48.fr\/wp-content\/uploads\/2025\/09\/losange-hachures-jaune-1-scaled.png 2560w, https:\/\/www.environnement48.fr\/wp-content\/uploads\/2025\/09\/losange-hachures-jaune-1-300x294.png 300w, https:\/\/www.environnement48.fr\/wp-content\/uploads\/2025\/09\/losange-hachures-jaune-1-1024x1003.png 1024w, https:\/\/www.environnement48.fr\/wp-content\/uploads\/2025\/09\/losange-hachures-jaune-1-768x752.png 768w, https:\/\/www.environnement48.fr\/wp-content\/uploads\/2025\/09\/losange-hachures-jaune-1-1536x1505.png 1536w, https:\/\/www.environnement48.fr\/wp-content\/uploads\/2025\/09\/losange-hachures-jaune-1-2048x2007.png 2048w\" sizes=\"(max-width: 2560px) 100vw, 2560px\" \/>\n\n\n\n<div class=\"gb-element-bff79503\">\n<p class=\"has-base-color has-text-color has-link-color wp-elements-4f3f90313085eef0320ef25b120def95\">Les certifications ISO 9001, ISO 14001 et Recyclass Recycling Process ne sont pas de simples badges d\u2019honneur, mais des piliers de notre engagement continu pour la qualit\u00e9, l\u2019environnement et l\u2019innovation.<\/p>\n<\/div>\n<\/div>\n\n\n\n<div style=\"height:200px\" aria-hidden=\"true\" class=\"wp-block-spacer\"><\/div>\n\n\n\n<div class=\"gb-element-d668bb8c\">\n<div class=\"gb-element-6d3c8e53\">\n<div class=\"gb-element-a5b582e4\">\n<div class=\"gb-element-5d976d63\">\n<div class=\"gb-element-0110652a\">\n<h2 class=\"wp-block-heading has-text-align-center has-base-color has-text-color has-link-color has-open-sans-font-family wp-elements-0b30b12c9833eec891b75edfe9ad50a1\" style=\"font-size:clamp(1.837em, 1.837rem + ((1vw - 0.2em) * 2.272), 3.2em);font-style:normal;font-weight:700\">Decarbonation<\/h2>\n\n\n\n<p class=\"has-base-color has-text-color has-link-color has-open-sans-font-family wp-elements-7b78c3ea76a0f8721a5b47116eee3068\" style=\"font-size:clamp(0.875em, 0.875rem + ((1vw - 0.2em) * 0.375), 1.1em);font-style:normal;font-weight:400\">The urgent need to tackle climate change is forcing all economic players to rethink their business models and embark on a collective low-carbon path.<\/p>\n\n\n\n<p class=\"has-base-color has-text-color has-link-color has-open-sans-font-family wp-elements-146d692a42721de515afc3efc41c563d\" style=\"font-size:clamp(0.875em, 0.875rem + ((1vw - 0.2em) * 0.375), 1.1em);font-style:normal;font-weight:400\">The national targets for reducing greenhouse gas emissions are ambitious, and the sectors that emit the most, such as transport, industry, construction and energy production, are the first to have to take action.&nbsp;<\/p>\n\n\n\n<p class=\"has-base-color has-text-color has-link-color has-open-sans-font-family wp-elements-eaf7f1ad7413f97bd99c099466ecda2e\" style=\"font-size:clamp(0.875em, 0.875rem + ((1vw - 0.2em) * 0.375), 1.1em);font-style:normal;font-weight:400\">As such, Environnement Massif Central is fully committed to the energy transition, with the support of ADEME (Agence de la Transition Ecologique), BPI France (Banque Publique d'Investissements) and ABC (Association pour la Transition Bas Carbone).<\/p>\n<\/div>\n\n\n\n<div style=\"height:100px\" aria-hidden=\"true\" class=\"wp-block-spacer\"><\/div>\n<\/div>\n\n\n\n<div class=\"gb-element-140ea1fa\">\n<div class=\"gb-element-ac452350\">\n<p class=\"has-base-color has-text-color has-link-color has-open-sans-font-family wp-elements-208bee61c4809526a35530f7fe919ca7\" style=\"font-size:clamp(0.929em, 0.929rem + ((1vw - 0.2em) * 0.785), 1.4em);font-style:normal;font-weight:700\">Environnement Massif Central is successively carrying out two major actions:<\/p>\n<\/div>\n<\/div>\n\n\n\n<div style=\"height:150px\" aria-hidden=\"true\" class=\"wp-block-spacer\"><\/div>\n\n\n\n<div class=\"gb-element-ef28366d\">\n<div class=\"gb-element-710af741\">\n<div class=\"gb-element-20451f26\">\n<div class=\"gb-element-61eed658\">\n<div class=\"gb-element-76d29659\">\n<p class=\"gb-text gb-text-1db9538d\"><strong>1. A Greenhouse Gas Budget (GHGB)<\/strong><\/p>\n<\/div>\n<\/div>\n<\/div>\n\n\n\n<div class=\"gb-element-97dbae42\">\n<p class=\"has-base-color has-text-color has-link-color has-open-sans-font-family wp-elements-5bfc0e66b7586e1b061f04acfd453533\" style=\"font-size:clamp(0.875em, 0.875rem + ((1vw - 0.2em) * 0.208), 1em);font-style:normal;font-weight:400\">Through the DIAG DECARBON'ACTION programme, Environnement Massif Central is carrying out a Greenhouse Gas Assessment to measure the carbon emissions linked to its activity.<\/p>\n\n\n\n<p class=\"has-base-color has-text-color has-link-color has-open-sans-font-family wp-elements-433b01cf79e38d26460e58da948019ed\" style=\"margin-top:0;margin-right:0;margin-bottom:0;margin-left:0;font-size:clamp(0.875em, 0.875rem + ((1vw - 0.2em) * 0.208), 1em);font-style:normal;font-weight:700\">In 2022, Environnement Massif Central will emit 8,000 tonnes of CO2, which is equivalent to :<\/p>\n\n\n\n<ul style=\"margin-top:0;margin-right:var(--wp--preset--spacing--10);margin-bottom:0;margin-left:var(--wp--preset--spacing--10);font-size:clamp(0.875em, 0.875rem + ((1vw - 0.2em) * 0.208), 1em);\" class=\"wp-block-list has-base-color has-text-color has-link-color wp-elements-d27a389689695c141f4c9170a5ec00b4\">\n<li>To the annual emissions of 800 French people<\/li>\n\n\n\n<li>1300 circumnavigations of the Earth by plane<\/li>\n\n\n\n<li>Combustion of 52,000 full tanks of diesel fuel<\/li>\n<\/ul>\n\n\n\n<p class=\"has-base-color has-text-color has-link-color has-open-sans-font-family wp-elements-7ee09366c44321e9f20a3d6ea0c78633\" style=\"margin-top:var(--wp--preset--spacing--10);margin-right:0;margin-bottom:0;margin-left:0;padding-top:0;padding-right:0;padding-bottom:0;padding-left:0;font-size:clamp(0.875em, 0.875rem + ((1vw - 0.2em) * 0.208), 1em);font-style:normal;font-weight:700\">The largest sources of emissions are :<\/p>\n\n\n\n<ul style=\"margin-top:0;margin-right:var(--wp--preset--spacing--10);margin-bottom:0;margin-left:var(--wp--preset--spacing--10);padding-top:0;padding-right:var(--wp--preset--spacing--10);padding-bottom:0;padding-left:var(--wp--preset--spacing--10);font-size:clamp(0.875em, 0.875rem + ((1vw - 0.2em) * 0.208), 1em);\" class=\"wp-block-list has-base-color has-text-color has-link-color wp-elements-71bad18b7bb1d55c250e18e98f2318be\">\n<li>30%: FRET (incoming and outgoing transport), corresponding to approximately 50,000 tonnes of incoming and outgoing materials transported by Environnement Massif Central's fleet of vehicles and by external carriers.<\/li>\n\n\n\n<li>28% : FIXED ASSETS (machinery)<\/li>\n\n\n\n<li>23%: PURCHASES (consumables)<\/li>\n<\/ul>\n\n\n\n<p class=\"has-base-color has-text-color has-link-color has-open-sans-font-family wp-elements-4dd9b123f25d0337b077bead4b9f9e6a\" style=\"font-size:clamp(0.875em, 0.875rem + ((1vw - 0.2em) * 0.208), 1em);font-style:normal;font-weight:400\">Thanks to this analysis, Environnement Massif Central now has a regulatory baseline, which forms the basis for any consideration of decarbonisation.<\/p>\n<\/div>\n<\/div>\n\n\n\n<div class=\"gb-element-530eabf0\">\n<div class=\"gb-element-44071b93\">\n<div class=\"gb-element-e9313f24\">\n<div>\n<p class=\"gb-text gb-text-c997b101\"><strong>2.<\/strong> <strong>Chipboard preparation line<\/strong><\/p>\n<\/div>\n<\/div>\n<\/div>\n\n\n\n<div class=\"gb-element-2a087e9e\">\n<p class=\"has-base-color has-text-color has-link-color has-open-sans-font-family wp-elements-db4fd10f04fd814628ae6c923c8cca50\" style=\"font-size:clamp(0.875em, 0.875rem + ((1vw - 0.2em) * 0.208), 1em);font-style:normal;font-weight:400\">The Decarbonisation Accelerator is a programme designed to help companies define a realistic and robust low-carbon strategy.<\/p>\n\n\n\n<p class=\"has-base-color has-text-color has-link-color wp-elements-0e9aee759af9cbe3938d3c5a91b803d2\" style=\"font-size:clamp(0.875em, 0.875rem + ((1vw - 0.2em) * 0.208), 1em);font-style:normal;font-weight:400\">Bpifrance has joined forces with ADEME to offer a comprehensive support package based on the ACT Step-by-Step methodology, which enables Environnement Massif Central to :<\/p>\n\n\n\n<p class=\"has-base-color has-text-color has-link-color has-open-sans-font-family wp-elements-e8265f40eec4aaea9870f2a3abbc9a5a\" style=\"margin-top:0;margin-right:0;margin-bottom:0;margin-left:0;padding-top:0;padding-right:0;padding-bottom:0;padding-left:0;font-size:clamp(0.875em, 0.875rem + ((1vw - 0.2em) * 0.208), 1em);\"><strong>In 2022, Environnement Massif Central will emit 8,000 tonnes of CO2, equivalent to :<\/strong><\/p>\n\n\n\n<ul style=\"margin-top:0;margin-right:var(--wp--preset--spacing--10);margin-bottom:var(--wp--preset--spacing--10);margin-left:var(--wp--preset--spacing--10);padding-top:0;padding-right:var(--wp--preset--spacing--10);padding-bottom:0;padding-left:var(--wp--preset--spacing--10);font-size:clamp(0.875em, 0.875rem + ((1vw - 0.2em) * 0.208), 1em);\" class=\"wp-block-list has-base-color has-text-color has-link-color wp-elements-69eab3f34d45bbe04c7e526938f4cdd4\">\n<li>Identify the levers and define the company's decarbonisation trajectory, taking account of development issues<\/li>\n\n\n\n<li>Support in the initial stages of implementation&nbsp;<\/li>\n<\/ul>\n\n\n\n<p class=\"has-base-color has-text-color has-link-color has-open-sans-font-family wp-elements-1f78fd5269c975782b401feae6af5ea8\" style=\"margin-top:0;margin-bottom:0;padding-top:0;padding-bottom:0;font-size:clamp(0.875em, 0.875rem + ((1vw - 0.2em) * 0.208), 1em);font-style:normal;font-weight:400\"><strong>In detail, Environnement Massif Central is currently working on the following objectives:<\/strong><\/p>\n\n\n\n<ul style=\"margin-top:0;margin-bottom:0;padding-top:0;padding-bottom:0;font-size:clamp(0.875em, 0.875rem + ((1vw - 0.2em) * 0.208), 1em);\" class=\"wp-block-list has-base-color has-text-color has-link-color wp-elements-b8399b25a44f3b2dc122aa530021ae5b\">\n<li style=\"margin-top:0;margin-right:var(--wp--preset--spacing--10);margin-bottom:0;margin-left:var(--wp--preset--spacing--10);padding-top:0;padding-right:var(--wp--preset--spacing--10);padding-bottom:0;padding-left:var(--wp--preset--spacing--10)\">Embarking on a low-carbon transition<\/li>\n\n\n\n<li style=\"margin-top:0;margin-right:var(--wp--preset--spacing--10);margin-bottom:0;margin-left:var(--wp--preset--spacing--10);padding-top:0;padding-right:var(--wp--preset--spacing--10);padding-bottom:0;padding-left:var(--wp--preset--spacing--10)\">Drawing up a transition strategy and plan<\/li>\n\n\n\n<li style=\"margin-top:0;margin-right:var(--wp--preset--spacing--10);margin-bottom:0;margin-left:var(--wp--preset--spacing--10);padding-top:0;padding-right:var(--wp--preset--spacing--10);padding-bottom:0;padding-left:var(--wp--preset--spacing--10)\">Seizing new growth opportunities<\/li>\n\n\n\n<li style=\"margin-top:0;margin-right:var(--wp--preset--spacing--10);margin-bottom:0;margin-left:var(--wp--preset--spacing--10);padding-top:0;padding-right:var(--wp--preset--spacing--10);padding-bottom:0;padding-left:var(--wp--preset--spacing--10)\">Mobilising teams<\/li>\n\n\n\n<li style=\"margin-top:0;margin-right:var(--wp--preset--spacing--10);margin-bottom:0;margin-left:var(--wp--preset--spacing--10);padding-top:0;padding-right:var(--wp--preset--spacing--10);padding-bottom:0;padding-left:var(--wp--preset--spacing--10)\">Involving partners and investors in the transition<\/li>\n<\/ul>\n\n\n\n<p class=\"has-base-color has-text-color has-link-color wp-elements-81ecac18b000ae3e06c19cc307be40ae\" style=\"font-size:clamp(0.875em, 0.875rem + ((1vw - 0.2em) * 0.208), 1em);font-style:normal;font-weight:400\">Without delay, the decision was taken to build a 2.5 MW ground-based power plant.<\/p>\n\n\n\n<p class=\"has-base-color has-text-color has-link-color has-open-sans-font-family wp-elements-e980fecd4ed5ead64cf28d7e17865561\" style=\"font-size:clamp(0.875em, 0.875rem + ((1vw - 0.2em) * 0.208), 1em);font-style:normal;font-weight:400\">See you soon as we implement the rest of our Decarbonisation Plan!<\/p>\n\n\n\n<div style=\"height:150px\" aria-hidden=\"true\" class=\"wp-block-spacer\"><\/div>\n<\/div>\n<\/div>\n<\/div>\n\n\n\n<img decoding=\"async\" width=\"2273\" height=\"2245\" class=\"gb-media-63a0e7c0\" alt=\"\" src=\"\/wp-content\/uploads\/2025\/09\/losange-hachure-vert-clair-et-illustration-plante.png\" title=\"rhombus-hatching-clear-green-and-illustration-plant\" srcset=\"https:\/\/www.environnement48.fr\/wp-content\/uploads\/2025\/09\/losange-hachure-vert-clair-et-illustration-plante.png 2273w, https:\/\/www.environnement48.fr\/wp-content\/uploads\/2025\/09\/losange-hachure-vert-clair-et-illustration-plante-300x296.png 300w, https:\/\/www.environnement48.fr\/wp-content\/uploads\/2025\/09\/losange-hachure-vert-clair-et-illustration-plante-1024x1011.png 1024w, https:\/\/www.environnement48.fr\/wp-content\/uploads\/2025\/09\/losange-hachure-vert-clair-et-illustration-plante-768x759.png 768w, https:\/\/www.environnement48.fr\/wp-content\/uploads\/2025\/09\/losange-hachure-vert-clair-et-illustration-plante-1536x1517.png 1536w, https:\/\/www.environnement48.fr\/wp-content\/uploads\/2025\/09\/losange-hachure-vert-clair-et-illustration-plante-2048x2023.png 2048w\" sizes=\"(max-width: 2273px) 100vw, 2273px\" \/>\n<\/div>\n<\/div>\n<\/div>\n\n\n\n<div style=\"height:75px\" aria-hidden=\"true\" class=\"wp-block-spacer\"><\/div>\n\n\n\n<div class=\"gb-element-a24391d1\">\n<img loading=\"lazy\" decoding=\"async\" width=\"491\" height=\"351\" class=\"gb-media-87bfcd50\" alt=\"\" src=\"https:\/\/www.environnement48.fr\/wp-content\/uploads\/2025\/09\/encart-accelerateur-decarbonation-environnement-massif-central.png\" title=\"encart-accelerateur-decarbonation-environnement-massif-central\" srcset=\"https:\/\/www.environnement48.fr\/wp-content\/uploads\/2025\/09\/encart-accelerateur-decarbonation-environnement-massif-central.png 491w, https:\/\/www.environnement48.fr\/wp-content\/uploads\/2025\/09\/encart-accelerateur-decarbonation-environnement-massif-central-300x214.png 300w\" sizes=\"(max-width: 491px) 100vw, 491px\" \/>\n\n\n\n<div style=\"height:100px\" aria-hidden=\"true\" class=\"wp-block-spacer\"><\/div>\n<\/div>","protected":false},"excerpt":{"rendered":"<p>Nos engagements Dans un monde en constante \u00e9volution, l\u2019am\u00e9lioration continue n\u2019est pas seulement un objectif, mais une n\u00e9cessit\u00e9. Chez Environnement Massif Central, nous avons pris cet engagement \u00e0 c\u0153ur. Aujourd\u2019hui, nous sommes fiers de partager notre parcours vers l\u2019obtention des certifications ISO 9001 \/ ISO 14001, Recyclass Recycling Process et GPI (Granul\u00e9s Plastiques Industriels). ISO [&hellip;]<\/p>","protected":false},"author":1,"featured_media":0,"parent":1823,"menu_order":0,"comment_status":"closed","ping_status":"closed","template":"","meta":{"_seopress_robots_primary_cat":"","_seopress_titles_title":"Nos Engagements : Service Client et \u00c9cologie - Environnement 48","_seopress_titles_desc":"Environnement 48 est une entreprise engag\u00e9e envers ses clients mais aussi envers l'environnement. Nos certifications ISO prouve cet engagement","_seopress_robots_index":"","footnotes":""},"class_list":["post-554","page","type-page","status-publish","hentry"],"_links":{"self":[{"href":"https:\/\/www.environnement48.fr\/en\/wp-json\/wp\/v2\/pages\/554","targetHints":{"allow":["GET"]}}],"collection":[{"href":"https:\/\/www.environnement48.fr\/en\/wp-json\/wp\/v2\/pages"}],"about":[{"href":"https:\/\/www.environnement48.fr\/en\/wp-json\/wp\/v2\/types\/page"}],"author":[{"embeddable":true,"href":"https:\/\/www.environnement48.fr\/en\/wp-json\/wp\/v2\/users\/1"}],"replies":[{"embeddable":true,"href":"https:\/\/www.environnement48.fr\/en\/wp-json\/wp\/v2\/comments?post=554"}],"version-history":[{"count":9,"href":"https:\/\/www.environnement48.fr\/en\/wp-json\/wp\/v2\/pages\/554\/revisions"}],"predecessor-version":[{"id":3872,"href":"https:\/\/www.environnement48.fr\/en\/wp-json\/wp\/v2\/pages\/554\/revisions\/3872"}],"up":[{"embeddable":true,"href":"https:\/\/www.environnement48.fr\/en\/wp-json\/wp\/v2\/pages\/1823"}],"wp:attachment":[{"href":"https:\/\/www.environnement48.fr\/en\/wp-json\/wp\/v2\/media?parent=554"}],"curies":[{"name":"wp","href":"https:\/\/api.w.org\/{rel}","templated":true}]}}