{"id":2001,"date":"2025-09-22T10:38:25","date_gmt":"2025-09-22T08:38:25","guid":{"rendered":"https:\/\/www.environnement48.fr\/?page_id=2001"},"modified":"2025-10-27T16:00:46","modified_gmt":"2025-10-27T15:00:46","slug":"presse","status":"publish","type":"page","link":"https:\/\/www.environnement48.fr\/en\/actualites\/presse\/","title":{"rendered":"Press"},"content":{"rendered":"<div class=\"gb-element-6d706620\">\n<div class=\"gb-element-cc379740\">\n<div class=\"gb-element-26540da7\">\n<img decoding=\"async\" class=\"gb-media-c481665f\" alt=\"\" src=\"\/wp-content\/uploads\/2025\/09\/losange-gris-clair-hachure-plante.png\" title=\"rhombus-light-grey-plant-hair\"\/>\n<\/div>\n\n\n\n<div class=\"gb-element-adbbd0ab\">\n<h2 class=\"wp-block-heading has-contrast-color has-text-color has-link-color has-open-sans-font-family wp-elements-2ccdacc341e4e9576d9dbce8b0734b5e\" style=\"font-size:clamp(25.014px, 1.563rem + ((1vw - 3.2px) * 1.769), 42px);font-style:normal;font-weight:700\">Press<\/h2>\n<\/div>\n<\/div>\n\n\n\n<div style=\"height:100px\" aria-hidden=\"true\" class=\"wp-block-spacer\"><\/div>\n\n\n\n<img fetchpriority=\"high\" decoding=\"async\" width=\"2560\" height=\"2508\" class=\"gb-media-ab728c9e\" alt=\"\" src=\"\/wp-content\/uploads\/2025\/09\/losange-hachures-jaune-2-scaled.png\" title=\"diamond-hatched-yellow\" srcset=\"https:\/\/www.environnement48.fr\/wp-content\/uploads\/2025\/09\/losange-hachures-jaune-2-scaled.png 2560w, https:\/\/www.environnement48.fr\/wp-content\/uploads\/2025\/09\/losange-hachures-jaune-2-300x294.png 300w, https:\/\/www.environnement48.fr\/wp-content\/uploads\/2025\/09\/losange-hachures-jaune-2-1024x1003.png 1024w, https:\/\/www.environnement48.fr\/wp-content\/uploads\/2025\/09\/losange-hachures-jaune-2-768x752.png 768w, https:\/\/www.environnement48.fr\/wp-content\/uploads\/2025\/09\/losange-hachures-jaune-2-1536x1505.png 1536w, https:\/\/www.environnement48.fr\/wp-content\/uploads\/2025\/09\/losange-hachures-jaune-2-2048x2007.png 2048w\" sizes=\"(max-width: 2560px) 100vw, 2560px\" \/>\n\n\n\n<div class=\"wp-block-query has-global-padding is-layout-constrained wp-container-core-query-is-layout-abb6fe41 wp-block-query-is-layout-constrained\">\n\n<ul class=\"alignfull wp-block-post-template is-layout-flow wp-container-core-post-template-is-layout-09c064ec wp-block-post-template-is-layout-flow\"><li class=\"wp-block-post post-3068 post type-post status-publish format-standard hentry category-actualites category-presse\">\n\n<div class=\"gb-element-f0926c11\">\n<div class=\"gb-element-8d5efd09\">\n<div class=\"gb-element-7b3bc56f\"><div style=\"font-size:clamp(16.293px, 1.018rem + ((1vw - 3.2px) * 0.907), 25px);font-style:normal;font-weight:600;text-transform:uppercase;\" class=\"has-text-align-center has-link-color wp-elements-c76535f3ddb79338057b7b12659371e1 wp-block-post-date has-text-color has-contrast-color has-open-sans-font-family\"><time datetime=\"2020-12-09T11:53:24+01:00\"><a href=\"https:\/\/www.environnement48.fr\/en\/investir-pour-diversifier\/\">9 December 2020<\/a><\/time><\/div><\/div>\n<\/div>\n\n\n\n<div class=\"gb-element-807cad37\">\n<div class=\"gb-element-6c3066df\"><h2 style=\"font-size:clamp(20px, 1.25rem + ((1vw - 3.2px) * 1.25), 32px);font-style:normal;font-weight:700; padding-top:0;padding-bottom:0;margin-top:0px;margin-bottom:0px;\" class=\"has-link-color wp-elements-fcccce882db2aa375e485c8c4715dad7 wp-block-post-title has-text-color has-contrast-color has-open-sans-font-family\">Invest to diversify<\/h2>\n\n<div class=\"has-link-color wp-elements-018f882e51029cb0d1aed2c9bf0bff98 wp-block-post-excerpt has-text-color has-contrast-color has-small-font-size\"><p class=\"wp-block-post-excerpt__excerpt\">Press release December 2020. Midi Libre See the article (PDF) <\/p><\/div>\n\n\n<a class=\"gb-text-603a2359 bouton_lireplus\" href=\"https:\/\/www.environnement48.fr\/en\/investir-pour-diversifier\/\"><span class=\"gb-shape\"><svg aria-hidden=\"true\" role=\"img\" height=\"1em\" width=\"1em\" viewbox=\"0 0 256 512\" xmlns=\"http:\/\/www.w3.org\/2000\/svg\"><path fill=\"currentColor\" d=\"M224.3 273l-136 136c-9.4 9.4-24.6 9.4-33.9 0l-22.6-22.6c-9.4-9.4-9.4-24.6 0-33.9l96.4-96.4-96.4-96.4c-9.4-9.4-9.4-24.6 0-33.9L54.3 103c9.4-9.4 24.6-9.4 33.9 0l136 136c9.5 9.4 9.5 24.6.1 34z\"><\/path><\/svg><\/span><span class=\"gb-text\">Read the article<\/span><\/a>\n<\/div>\n<\/div>\n<\/div>\n\n\n\n<div style=\"height:50px\" aria-hidden=\"true\" class=\"wp-block-spacer\"><\/div>\n\n\n\n<hr class=\"wp-block-separator has-alpha-channel-opacity is-style-wide\"\/>\n\n<\/li><li class=\"wp-block-post post-3050 post type-post status-publish format-standard hentry category-actualites category-presse\">\n\n<div class=\"gb-element-f0926c11\">\n<div class=\"gb-element-8d5efd09\">\n<div class=\"gb-element-7b3bc56f\"><div style=\"font-size:clamp(16.293px, 1.018rem + ((1vw - 3.2px) * 0.907), 25px);font-style:normal;font-weight:600;text-transform:uppercase;\" class=\"has-text-align-center has-link-color wp-elements-c76535f3ddb79338057b7b12659371e1 wp-block-post-date has-text-color has-contrast-color has-open-sans-font-family\"><time datetime=\"2020-10-21T10:34:00+02:00\"><a href=\"https:\/\/www.environnement48.fr\/en\/la-collecte-des-plastiques-agricoles-usages-un-enjeu-environnemental\/\">21 October 2020<\/a><\/time><\/div><\/div>\n<\/div>\n\n\n\n<div class=\"gb-element-807cad37\">\n<div class=\"gb-element-6c3066df\"><h2 style=\"font-size:clamp(20px, 1.25rem + ((1vw - 3.2px) * 1.25), 32px);font-style:normal;font-weight:700; padding-top:0;padding-bottom:0;margin-top:0px;margin-bottom:0px;\" class=\"has-link-color wp-elements-fcccce882db2aa375e485c8c4715dad7 wp-block-post-title has-text-color has-contrast-color has-open-sans-font-family\">Collecting used agricultural plastics, an environmental challenge<\/h2>\n\n<div class=\"has-link-color wp-elements-018f882e51029cb0d1aed2c9bf0bff98 wp-block-post-excerpt has-text-color has-contrast-color has-small-font-size\"><p class=\"wp-block-post-excerpt__excerpt\">Press release dated 21 October 2020. Midi Libre See the article (PDF) <\/p><\/div>\n\n\n<a class=\"gb-text-603a2359 bouton_lireplus\" href=\"https:\/\/www.environnement48.fr\/en\/la-collecte-des-plastiques-agricoles-usages-un-enjeu-environnemental\/\"><span class=\"gb-shape\"><svg aria-hidden=\"true\" role=\"img\" height=\"1em\" width=\"1em\" viewbox=\"0 0 256 512\" xmlns=\"http:\/\/www.w3.org\/2000\/svg\"><path fill=\"currentColor\" d=\"M224.3 273l-136 136c-9.4 9.4-24.6 9.4-33.9 0l-22.6-22.6c-9.4-9.4-9.4-24.6 0-33.9l96.4-96.4-96.4-96.4c-9.4-9.4-9.4-24.6 0-33.9L54.3 103c9.4-9.4 24.6-9.4 33.9 0l136 136c9.5 9.4 9.5 24.6.1 34z\"><\/path><\/svg><\/span><span class=\"gb-text\">Read the article<\/span><\/a>\n<\/div>\n<\/div>\n<\/div>\n\n\n\n<div style=\"height:50px\" aria-hidden=\"true\" class=\"wp-block-spacer\"><\/div>\n\n\n\n<hr class=\"wp-block-separator has-alpha-channel-opacity is-style-wide\"\/>\n\n<\/li><li class=\"wp-block-post post-2718 post type-post status-publish format-standard hentry category-actualites category-presse\">\n\n<div class=\"gb-element-f0926c11\">\n<div class=\"gb-element-8d5efd09\">\n<div class=\"gb-element-7b3bc56f\"><div style=\"font-size:clamp(16.293px, 1.018rem + ((1vw - 3.2px) * 0.907), 25px);font-style:normal;font-weight:600;text-transform:uppercase;\" class=\"has-text-align-center has-link-color wp-elements-c76535f3ddb79338057b7b12659371e1 wp-block-post-date has-text-color has-contrast-color has-open-sans-font-family\"><time datetime=\"2018-10-11T13:59:06+02:00\"><a href=\"https:\/\/www.environnement48.fr\/en\/environnement-massif-central-fete-ses-20-ans\/\">11 October 2018<\/a><\/time><\/div><\/div>\n<\/div>\n\n\n\n<div class=\"gb-element-807cad37\">\n<div class=\"gb-element-6c3066df\"><h2 style=\"font-size:clamp(20px, 1.25rem + ((1vw - 3.2px) * 1.25), 32px);font-style:normal;font-weight:700; padding-top:0;padding-bottom:0;margin-top:0px;margin-bottom:0px;\" class=\"has-link-color wp-elements-fcccce882db2aa375e485c8c4715dad7 wp-block-post-title has-text-color has-contrast-color has-open-sans-font-family\">Environnement Massif Central celebrates its 20th anniversary!<\/h2>\n\n<div class=\"has-link-color wp-elements-018f882e51029cb0d1aed2c9bf0bff98 wp-block-post-excerpt has-text-color has-contrast-color has-small-font-size\"><p class=\"wp-block-post-excerpt__excerpt\">Press publication of 28 September 2018. Midi Libre. See the article (PDF) Press release dated 4 October 2018. Loz\u00e8re Nouvelle. See the article (PDF) Press publication of 4 October 2018. R\u00e9veil Loz\u00e8re See the article (PDF) <\/p><\/div>\n\n\n<a class=\"gb-text-603a2359 bouton_lireplus\" href=\"https:\/\/www.environnement48.fr\/en\/environnement-massif-central-fete-ses-20-ans\/\"><span class=\"gb-shape\"><svg aria-hidden=\"true\" role=\"img\" height=\"1em\" width=\"1em\" viewbox=\"0 0 256 512\" xmlns=\"http:\/\/www.w3.org\/2000\/svg\"><path fill=\"currentColor\" d=\"M224.3 273l-136 136c-9.4 9.4-24.6 9.4-33.9 0l-22.6-22.6c-9.4-9.4-9.4-24.6 0-33.9l96.4-96.4-96.4-96.4c-9.4-9.4-9.4-24.6 0-33.9L54.3 103c9.4-9.4 24.6-9.4 33.9 0l136 136c9.5 9.4 9.5 24.6.1 34z\"><\/path><\/svg><\/span><span class=\"gb-text\">Read the article<\/span><\/a>\n<\/div>\n<\/div>\n<\/div>\n\n\n\n<div style=\"height:50px\" aria-hidden=\"true\" class=\"wp-block-spacer\"><\/div>\n\n\n\n<hr class=\"wp-block-separator has-alpha-channel-opacity is-style-wide\"\/>\n\n<\/li><li class=\"wp-block-post post-3012 post type-post status-publish format-standard hentry category-actualites category-presse\">\n\n<div class=\"gb-element-f0926c11\">\n<div class=\"gb-element-8d5efd09\">\n<div class=\"gb-element-7b3bc56f\"><div style=\"font-size:clamp(16.293px, 1.018rem + ((1vw - 3.2px) * 0.907), 25px);font-style:normal;font-weight:600;text-transform:uppercase;\" class=\"has-text-align-center has-link-color wp-elements-c76535f3ddb79338057b7b12659371e1 wp-block-post-date has-text-color has-contrast-color has-open-sans-font-family\"><time datetime=\"2018-09-28T13:52:27+02:00\"><a href=\"https:\/\/www.environnement48.fr\/en\/environnement-massif-regorge-de-projets\/\">28 September 2018<\/a><\/time><\/div><\/div>\n<\/div>\n\n\n\n<div class=\"gb-element-807cad37\">\n<div class=\"gb-element-6c3066df\"><h2 style=\"font-size:clamp(20px, 1.25rem + ((1vw - 3.2px) * 1.25), 32px);font-style:normal;font-weight:700; padding-top:0;padding-bottom:0;margin-top:0px;margin-bottom:0px;\" class=\"has-link-color wp-elements-fcccce882db2aa375e485c8c4715dad7 wp-block-post-title has-text-color has-contrast-color has-open-sans-font-family\">Environnement Massif is bursting with projects<\/h2>\n\n<div class=\"has-link-color wp-elements-018f882e51029cb0d1aed2c9bf0bff98 wp-block-post-excerpt has-text-color has-contrast-color has-small-font-size\"><p class=\"wp-block-post-excerpt__excerpt\">Press publication of 28 September 2018. Midi Libre. See the article (PDF) <\/p><\/div>\n\n\n<a class=\"gb-text-603a2359 bouton_lireplus\" href=\"https:\/\/www.environnement48.fr\/en\/environnement-massif-regorge-de-projets\/\"><span class=\"gb-shape\"><svg aria-hidden=\"true\" role=\"img\" height=\"1em\" width=\"1em\" viewbox=\"0 0 256 512\" xmlns=\"http:\/\/www.w3.org\/2000\/svg\"><path fill=\"currentColor\" d=\"M224.3 273l-136 136c-9.4 9.4-24.6 9.4-33.9 0l-22.6-22.6c-9.4-9.4-9.4-24.6 0-33.9l96.4-96.4-96.4-96.4c-9.4-9.4-9.4-24.6 0-33.9L54.3 103c9.4-9.4 24.6-9.4 33.9 0l136 136c9.5 9.4 9.5 24.6.1 34z\"><\/path><\/svg><\/span><span class=\"gb-text\">Read the article<\/span><\/a>\n<\/div>\n<\/div>\n<\/div>\n\n\n\n<div style=\"height:50px\" aria-hidden=\"true\" class=\"wp-block-spacer\"><\/div>\n\n\n\n<hr class=\"wp-block-separator has-alpha-channel-opacity is-style-wide\"\/>\n\n<\/li><li class=\"wp-block-post post-2706 post type-post status-publish format-standard hentry category-actualites category-presse\">\n\n<div class=\"gb-element-f0926c11\">\n<div class=\"gb-element-8d5efd09\">\n<div class=\"gb-element-7b3bc56f\"><div style=\"font-size:clamp(16.293px, 1.018rem + ((1vw - 3.2px) * 0.907), 25px);font-style:normal;font-weight:600;text-transform:uppercase;\" class=\"has-text-align-center has-link-color wp-elements-c76535f3ddb79338057b7b12659371e1 wp-block-post-date has-text-color has-contrast-color has-open-sans-font-family\"><time datetime=\"2018-09-12T13:19:39+02:00\"><a href=\"https:\/\/www.environnement48.fr\/en\/environnement-massif-central-se-lance-dans-lextrusion\/\">12 September 2018<\/a><\/time><\/div><\/div>\n<\/div>\n\n\n\n<div class=\"gb-element-807cad37\">\n<div class=\"gb-element-6c3066df\"><h2 style=\"font-size:clamp(20px, 1.25rem + ((1vw - 3.2px) * 1.25), 32px);font-style:normal;font-weight:700; padding-top:0;padding-bottom:0;margin-top:0px;margin-bottom:0px;\" class=\"has-link-color wp-elements-fcccce882db2aa375e485c8c4715dad7 wp-block-post-title has-text-color has-contrast-color has-open-sans-font-family\">Environnement Massif Central launches into extrusion<\/h2>\n\n<div class=\"has-link-color wp-elements-018f882e51029cb0d1aed2c9bf0bff98 wp-block-post-excerpt has-text-color has-contrast-color has-small-font-size\"><p class=\"wp-block-post-excerpt__excerpt\">Press release of 12 September 2018 (reserved for subscribers). L'\u00e9cho circulaire. A technological and economic showcase for waste recycling in Loz\u00e8re. See the article (PDF) <\/p><\/div>\n\n\n<a class=\"gb-text-603a2359 bouton_lireplus\" href=\"https:\/\/www.environnement48.fr\/en\/environnement-massif-central-se-lance-dans-lextrusion\/\"><span class=\"gb-shape\"><svg aria-hidden=\"true\" role=\"img\" height=\"1em\" width=\"1em\" viewbox=\"0 0 256 512\" xmlns=\"http:\/\/www.w3.org\/2000\/svg\"><path fill=\"currentColor\" d=\"M224.3 273l-136 136c-9.4 9.4-24.6 9.4-33.9 0l-22.6-22.6c-9.4-9.4-9.4-24.6 0-33.9l96.4-96.4-96.4-96.4c-9.4-9.4-9.4-24.6 0-33.9L54.3 103c9.4-9.4 24.6-9.4 33.9 0l136 136c9.5 9.4 9.5 24.6.1 34z\"><\/path><\/svg><\/span><span class=\"gb-text\">Read the article<\/span><\/a>\n<\/div>\n<\/div>\n<\/div>\n\n\n\n<div style=\"height:50px\" aria-hidden=\"true\" class=\"wp-block-spacer\"><\/div>\n\n\n\n<hr class=\"wp-block-separator has-alpha-channel-opacity is-style-wide\"\/>\n\n<\/li><li class=\"wp-block-post post-2627 post type-post status-publish format-standard hentry category-actualites category-presse\">\n\n<div class=\"gb-element-f0926c11\">\n<div class=\"gb-element-8d5efd09\">\n<div class=\"gb-element-7b3bc56f\"><div style=\"font-size:clamp(16.293px, 1.018rem + ((1vw - 3.2px) * 0.907), 25px);font-style:normal;font-weight:600;text-transform:uppercase;\" class=\"has-text-align-center has-link-color wp-elements-c76535f3ddb79338057b7b12659371e1 wp-block-post-date has-text-color has-contrast-color has-open-sans-font-family\"><time datetime=\"2018-01-18T14:14:03+01:00\"><a href=\"https:\/\/www.environnement48.fr\/en\/20-ans-pour-environnement-massif-central\/\">18 January 2018<\/a><\/time><\/div><\/div>\n<\/div>\n\n\n\n<div class=\"gb-element-807cad37\">\n<div class=\"gb-element-6c3066df\"><h2 style=\"font-size:clamp(20px, 1.25rem + ((1vw - 3.2px) * 1.25), 32px);font-style:normal;font-weight:700; padding-top:0;padding-bottom:0;margin-top:0px;margin-bottom:0px;\" class=\"has-link-color wp-elements-fcccce882db2aa375e485c8c4715dad7 wp-block-post-title has-text-color has-contrast-color has-open-sans-font-family\">20 years for Environnement Massif Central<\/h2>\n\n<div class=\"has-link-color wp-elements-018f882e51029cb0d1aed2c9bf0bff98 wp-block-post-excerpt has-text-color has-contrast-color has-small-font-size\"><p class=\"wp-block-post-excerpt__excerpt\">Press release of 18 January 2018. Midi Libre. See the article (PDF) <\/p><\/div>\n\n\n<a class=\"gb-text-603a2359 bouton_lireplus\" href=\"https:\/\/www.environnement48.fr\/en\/20-ans-pour-environnement-massif-central\/\"><span class=\"gb-shape\"><svg aria-hidden=\"true\" role=\"img\" height=\"1em\" width=\"1em\" viewbox=\"0 0 256 512\" xmlns=\"http:\/\/www.w3.org\/2000\/svg\"><path fill=\"currentColor\" d=\"M224.3 273l-136 136c-9.4 9.4-24.6 9.4-33.9 0l-22.6-22.6c-9.4-9.4-9.4-24.6 0-33.9l96.4-96.4-96.4-96.4c-9.4-9.4-9.4-24.6 0-33.9L54.3 103c9.4-9.4 24.6-9.4 33.9 0l136 136c9.5 9.4 9.5 24.6.1 34z\"><\/path><\/svg><\/span><span class=\"gb-text\">Read the article<\/span><\/a>\n<\/div>\n<\/div>\n<\/div>\n\n\n\n<div style=\"height:50px\" aria-hidden=\"true\" class=\"wp-block-spacer\"><\/div>\n\n\n\n<hr class=\"wp-block-separator has-alpha-channel-opacity is-style-wide\"\/>\n\n<\/li><li class=\"wp-block-post post-2625 post type-post status-publish format-standard hentry category-actualites category-presse\">\n\n<div class=\"gb-element-f0926c11\">\n<div class=\"gb-element-8d5efd09\">\n<div class=\"gb-element-7b3bc56f\"><div style=\"font-size:clamp(16.293px, 1.018rem + ((1vw - 3.2px) * 0.907), 25px);font-style:normal;font-weight:600;text-transform:uppercase;\" class=\"has-text-align-center has-link-color wp-elements-c76535f3ddb79338057b7b12659371e1 wp-block-post-date has-text-color has-contrast-color has-open-sans-font-family\"><time datetime=\"2014-11-24T14:13:00+01:00\"><a href=\"https:\/\/www.environnement48.fr\/en\/une-brigade-active-au-college-saint-privat\/\">24 November 2014<\/a><\/time><\/div><\/div>\n<\/div>\n\n\n\n<div class=\"gb-element-807cad37\">\n<div class=\"gb-element-6c3066df\"><h2 style=\"font-size:clamp(20px, 1.25rem + ((1vw - 3.2px) * 1.25), 32px);font-style:normal;font-weight:700; padding-top:0;padding-bottom:0;margin-top:0px;margin-bottom:0px;\" class=\"has-link-color wp-elements-fcccce882db2aa375e485c8c4715dad7 wp-block-post-title has-text-color has-contrast-color has-open-sans-font-family\">An active brigade at Saint-Privat college<\/h2>\n\n<div class=\"has-link-color wp-elements-018f882e51029cb0d1aed2c9bf0bff98 wp-block-post-excerpt has-text-color has-contrast-color has-small-font-size\"><p class=\"wp-block-post-excerpt__excerpt\">Press publication of 24 November 2014. Midi Libre. See the article (PDF) <\/p><\/div>\n\n\n<a class=\"gb-text-603a2359 bouton_lireplus\" href=\"https:\/\/www.environnement48.fr\/en\/une-brigade-active-au-college-saint-privat\/\"><span class=\"gb-shape\"><svg aria-hidden=\"true\" role=\"img\" height=\"1em\" width=\"1em\" viewbox=\"0 0 256 512\" xmlns=\"http:\/\/www.w3.org\/2000\/svg\"><path fill=\"currentColor\" d=\"M224.3 273l-136 136c-9.4 9.4-24.6 9.4-33.9 0l-22.6-22.6c-9.4-9.4-9.4-24.6 0-33.9l96.4-96.4-96.4-96.4c-9.4-9.4-9.4-24.6 0-33.9L54.3 103c9.4-9.4 24.6-9.4 33.9 0l136 136c9.5 9.4 9.5 24.6.1 34z\"><\/path><\/svg><\/span><span class=\"gb-text\">Read the article<\/span><\/a>\n<\/div>\n<\/div>\n<\/div>\n\n\n\n<div style=\"height:50px\" aria-hidden=\"true\" class=\"wp-block-spacer\"><\/div>\n\n\n\n<hr class=\"wp-block-separator has-alpha-channel-opacity is-style-wide\"\/>\n\n<\/li><li class=\"wp-block-post post-2621 post type-post status-publish format-standard hentry category-actualites category-presse\">\n\n<div class=\"gb-element-f0926c11\">\n<div class=\"gb-element-8d5efd09\">\n<div class=\"gb-element-7b3bc56f\"><div style=\"font-size:clamp(16.293px, 1.018rem + ((1vw - 3.2px) * 0.907), 25px);font-style:normal;font-weight:600;text-transform:uppercase;\" class=\"has-text-align-center has-link-color wp-elements-c76535f3ddb79338057b7b12659371e1 wp-block-post-date has-text-color has-contrast-color has-open-sans-font-family\"><time datetime=\"2014-10-31T14:11:00+01:00\"><a href=\"https:\/\/www.environnement48.fr\/en\/actu-economique-chimirec-massif-central-le-choix-de-la-lozere\/\">31 October 2014<\/a><\/time><\/div><\/div>\n<\/div>\n\n\n\n<div class=\"gb-element-807cad37\">\n<div class=\"gb-element-6c3066df\"><h2 style=\"font-size:clamp(20px, 1.25rem + ((1vw - 3.2px) * 1.25), 32px);font-style:normal;font-weight:700; padding-top:0;padding-bottom:0;margin-top:0px;margin-bottom:0px;\" class=\"has-link-color wp-elements-fcccce882db2aa375e485c8c4715dad7 wp-block-post-title has-text-color has-contrast-color has-open-sans-font-family\">Economic news - Chimirec Massif-Central: the choice of Loz\u00e8re<\/h2>\n\n<div class=\"has-link-color wp-elements-018f882e51029cb0d1aed2c9bf0bff98 wp-block-post-excerpt has-text-color has-contrast-color has-small-font-size\"><p class=\"wp-block-post-excerpt__excerpt\">Press publication of 31 October 2014. La Loz\u00e8re Nouvelle. See the article (PDF) <\/p><\/div>\n\n\n<a class=\"gb-text-603a2359 bouton_lireplus\" href=\"https:\/\/www.environnement48.fr\/en\/actu-economique-chimirec-massif-central-le-choix-de-la-lozere\/\"><span class=\"gb-shape\"><svg aria-hidden=\"true\" role=\"img\" height=\"1em\" width=\"1em\" viewbox=\"0 0 256 512\" xmlns=\"http:\/\/www.w3.org\/2000\/svg\"><path fill=\"currentColor\" d=\"M224.3 273l-136 136c-9.4 9.4-24.6 9.4-33.9 0l-22.6-22.6c-9.4-9.4-9.4-24.6 0-33.9l96.4-96.4-96.4-96.4c-9.4-9.4-9.4-24.6 0-33.9L54.3 103c9.4-9.4 24.6-9.4 33.9 0l136 136c9.5 9.4 9.5 24.6.1 34z\"><\/path><\/svg><\/span><span class=\"gb-text\">Read the article<\/span><\/a>\n<\/div>\n<\/div>\n<\/div>\n\n\n\n<div style=\"height:50px\" aria-hidden=\"true\" class=\"wp-block-spacer\"><\/div>\n\n\n\n<hr class=\"wp-block-separator has-alpha-channel-opacity is-style-wide\"\/>\n\n<\/li><li class=\"wp-block-post post-2623 post type-post status-publish format-standard hentry category-actualites category-presse\">\n\n<div class=\"gb-element-f0926c11\">\n<div class=\"gb-element-8d5efd09\">\n<div class=\"gb-element-7b3bc56f\"><div style=\"font-size:clamp(16.293px, 1.018rem + ((1vw - 3.2px) * 0.907), 25px);font-style:normal;font-weight:600;text-transform:uppercase;\" class=\"has-text-align-center has-link-color wp-elements-c76535f3ddb79338057b7b12659371e1 wp-block-post-date has-text-color has-contrast-color has-open-sans-font-family\"><time datetime=\"2014-08-09T14:10:00+02:00\"><a href=\"https:\/\/www.environnement48.fr\/en\/zoom-sur-un-volet-prometteur-du-developpement-durable\/\">9 August 2014<\/a><\/time><\/div><\/div>\n<\/div>\n\n\n\n<div class=\"gb-element-807cad37\">\n<div class=\"gb-element-6c3066df\"><h2 style=\"font-size:clamp(20px, 1.25rem + ((1vw - 3.2px) * 1.25), 32px);font-style:normal;font-weight:700; padding-top:0;padding-bottom:0;margin-top:0px;margin-bottom:0px;\" class=\"has-link-color wp-elements-fcccce882db2aa375e485c8c4715dad7 wp-block-post-title has-text-color has-contrast-color has-open-sans-font-family\">Focus on a promising aspect of sustainable development<\/h2>\n\n<div class=\"has-link-color wp-elements-018f882e51029cb0d1aed2c9bf0bff98 wp-block-post-excerpt has-text-color has-contrast-color has-small-font-size\"><p class=\"wp-block-post-excerpt__excerpt\">July\/August 2014, \u00abThe 500 Club magazine\u00bb. See the article (PDF) <\/p><\/div>\n\n\n<a class=\"gb-text-603a2359 bouton_lireplus\" href=\"https:\/\/www.environnement48.fr\/en\/zoom-sur-un-volet-prometteur-du-developpement-durable\/\"><span class=\"gb-shape\"><svg aria-hidden=\"true\" role=\"img\" height=\"1em\" width=\"1em\" viewbox=\"0 0 256 512\" xmlns=\"http:\/\/www.w3.org\/2000\/svg\"><path fill=\"currentColor\" d=\"M224.3 273l-136 136c-9.4 9.4-24.6 9.4-33.9 0l-22.6-22.6c-9.4-9.4-9.4-24.6 0-33.9l96.4-96.4-96.4-96.4c-9.4-9.4-9.4-24.6 0-33.9L54.3 103c9.4-9.4 24.6-9.4 33.9 0l136 136c9.5 9.4 9.5 24.6.1 34z\"><\/path><\/svg><\/span><span class=\"gb-text\">Read the article<\/span><\/a>\n<\/div>\n<\/div>\n<\/div>\n\n\n\n<div style=\"height:50px\" aria-hidden=\"true\" class=\"wp-block-spacer\"><\/div>\n\n\n\n<hr class=\"wp-block-separator has-alpha-channel-opacity is-style-wide\"\/>\n\n<\/li><li class=\"wp-block-post post-2613 post type-post status-publish format-standard hentry category-actualites category-presse\">\n\n<div class=\"gb-element-f0926c11\">\n<div class=\"gb-element-8d5efd09\">\n<div class=\"gb-element-7b3bc56f\"><div style=\"font-size:clamp(16.293px, 1.018rem + ((1vw - 3.2px) * 0.907), 25px);font-style:normal;font-weight:600;text-transform:uppercase;\" class=\"has-text-align-center has-link-color wp-elements-c76535f3ddb79338057b7b12659371e1 wp-block-post-date has-text-color has-contrast-color has-open-sans-font-family\"><time datetime=\"2013-11-01T14:09:00+01:00\"><a href=\"https:\/\/www.environnement48.fr\/en\/olivier-dalle-collecte-trie-et-revalorise-les-dechets\/\">1 November 2013<\/a><\/time><\/div><\/div>\n<\/div>\n\n\n\n<div class=\"gb-element-807cad37\">\n<div class=\"gb-element-6c3066df\"><h2 style=\"font-size:clamp(20px, 1.25rem + ((1vw - 3.2px) * 1.25), 32px);font-style:normal;font-weight:700; padding-top:0;padding-bottom:0;margin-top:0px;margin-bottom:0px;\" class=\"has-link-color wp-elements-fcccce882db2aa375e485c8c4715dad7 wp-block-post-title has-text-color has-contrast-color has-open-sans-font-family\">Olivier Dalle collects, sorts and recycles waste<\/h2>\n\n<div class=\"has-link-color wp-elements-018f882e51029cb0d1aed2c9bf0bff98 wp-block-post-excerpt has-text-color has-contrast-color has-small-font-size\"><p class=\"wp-block-post-excerpt__excerpt\">Press release dated 01 November 2013. Midi Libre. See the article (PDF) <\/p><\/div>\n\n\n<a class=\"gb-text-603a2359 bouton_lireplus\" href=\"https:\/\/www.environnement48.fr\/en\/olivier-dalle-collecte-trie-et-revalorise-les-dechets\/\"><span class=\"gb-shape\"><svg aria-hidden=\"true\" role=\"img\" height=\"1em\" width=\"1em\" viewbox=\"0 0 256 512\" xmlns=\"http:\/\/www.w3.org\/2000\/svg\"><path fill=\"currentColor\" d=\"M224.3 273l-136 136c-9.4 9.4-24.6 9.4-33.9 0l-22.6-22.6c-9.4-9.4-9.4-24.6 0-33.9l96.4-96.4-96.4-96.4c-9.4-9.4-9.4-24.6 0-33.9L54.3 103c9.4-9.4 24.6-9.4 33.9 0l136 136c9.5 9.4 9.5 24.6.1 34z\"><\/path><\/svg><\/span><span class=\"gb-text\">Read the article<\/span><\/a>\n<\/div>\n<\/div>\n<\/div>\n\n\n\n<div style=\"height:50px\" aria-hidden=\"true\" class=\"wp-block-spacer\"><\/div>\n\n\n\n<hr class=\"wp-block-separator has-alpha-channel-opacity is-style-wide\"\/>\n\n<\/li><\/ul>\n\n<nav class=\"wp-block-query-pagination is-horizontal is-content-justification-center is-layout-flex wp-container-core-query-pagination-is-layout-ef5ce59c wp-block-query-pagination-is-layout-flex\" aria-label=\"Pagination\">\n<div style=\"font-style:normal;font-weight:400;line-height:1.5;\" class=\"wp-block-query-pagination-numbers has-open-sans-font-family\"><span aria-current=\"page\" class=\"page-numbers current\">1<\/span>\n<a class=\"page-numbers\" href=\"?query-58-page=2\">2<\/a><\/div>\n<\/nav><\/div>\n\n\n\n<div style=\"height:100px\" aria-hidden=\"true\" class=\"wp-block-spacer\"><\/div>\n<\/div>","protected":false},"excerpt":{"rendered":"<p>Press<\/p>","protected":false},"author":1,"featured_media":0,"parent":1852,"menu_order":0,"comment_status":"closed","ping_status":"closed","template":"","meta":{"_seopress_robots_primary_cat":"","_seopress_titles_title":"Articles de Presse et Actualit\u00e9s - Environnement 48","_seopress_titles_desc":"D\u00e9couvrez tous les articles de presse qui parlent de notre entreprise et de ses innovations ainsi que toute notre actualit\u00e9s.","_seopress_robots_index":"","footnotes":""},"class_list":["post-2001","page","type-page","status-publish","hentry"],"_links":{"self":[{"href":"https:\/\/www.environnement48.fr\/en\/wp-json\/wp\/v2\/pages\/2001","targetHints":{"allow":["GET"]}}],"collection":[{"href":"https:\/\/www.environnement48.fr\/en\/wp-json\/wp\/v2\/pages"}],"about":[{"href":"https:\/\/www.environnement48.fr\/en\/wp-json\/wp\/v2\/types\/page"}],"author":[{"embeddable":true,"href":"https:\/\/www.environnement48.fr\/en\/wp-json\/wp\/v2\/users\/1"}],"replies":[{"embeddable":true,"href":"https:\/\/www.environnement48.fr\/en\/wp-json\/wp\/v2\/comments?post=2001"}],"version-history":[{"count":9,"href":"https:\/\/www.environnement48.fr\/en\/wp-json\/wp\/v2\/pages\/2001\/revisions"}],"predecessor-version":[{"id":3686,"href":"https:\/\/www.environnement48.fr\/en\/wp-json\/wp\/v2\/pages\/2001\/revisions\/3686"}],"up":[{"embeddable":true,"href":"https:\/\/www.environnement48.fr\/en\/wp-json\/wp\/v2\/pages\/1852"}],"wp:attachment":[{"href":"https:\/\/www.environnement48.fr\/en\/wp-json\/wp\/v2\/media?parent=2001"}],"curies":[{"name":"wp","href":"https:\/\/api.w.org\/{rel}","templated":true}]}}